{"id":6094,"date":"2021-07-12T13:49:19","date_gmt":"2021-07-12T11:49:19","guid":{"rendered":"https:\/\/www.gasthof-seefeld.com\/?page_id=6094"},"modified":"2026-03-21T17:39:05","modified_gmt":"2026-03-21T16:39:05","slug":"destinations-in-seefeld","status":"publish","type":"page","link":"https:\/\/www.gasthof-seefeld.com\/en\/destinations-in-seefeld\/","title":{"rendered":"Destinations in Seefeld"},"content":{"rendered":"    <div id=\"ep-block-pre-text-block_706f58b705e384bf7a0618b6a33a8596\" class=\"ep-block-pre-text ep-block \">\n        <div class=\"pre-text\">\n            <p>Hiking, cycling, biking or playing tennis. We have the best possible offer in store for your relaxing dream vacation in Seefeld, Tyrol. Still, regardless of what awaits you at the Batzenh\u00e4usl, you should definitely not miss out on the great places and destinations in Seefeld. For this reason, we have outlined our highlights in our Region Seefeld for you.<\/p>\n\n        <\/div>\n    <\/div>\n\n\n\n<div style=\"height:100px\" aria-hidden=\"true\" class=\"wp-block-spacer\"><\/div>\n\n\n<div id=\"ep-block-text-image-block_9729a45f6ea102fbf8ffd1d9233a5e5e\" class=\"ep-block-text-image ep-block  layout-beige image-left\">\n\n                                                                        \n        <div class=\"image-holder\" style=\"\">\n            <picture class=\"image\">\n                <source srcset=\"https:\/\/www.gasthof-seefeld.com\/wp-content\/uploads\/2022\/10\/02112021-seekirchl-im-morgengrauen-mit-neuschnee-scaled-560x580-c-center.jpg 1x\" media=\"(min-width: 1024px)\"\/>\n                <source srcset=\"https:\/\/www.gasthof-seefeld.com\/wp-content\/uploads\/2022\/10\/02112021-seekirchl-im-morgengrauen-mit-neuschnee-scaled-768x800-c-center.jpg 1x\" media=\"(min-width: 768px)\"\/>\n                <source srcset=\"https:\/\/www.gasthof-seefeld.com\/wp-content\/uploads\/2022\/10\/02112021-seekirchl-im-morgengrauen-mit-neuschnee-scaled-768x800-c-center.jpg 1x\" media=\"(max-width: 767px)\"\/>\n                <img decoding=\"async\" src=\"https:\/\/www.gasthof-seefeld.com\/wp-content\/uploads\/2022\/10\/02112021-seekirchl-im-morgengrauen-mit-neuschnee-scaled-768x800-c-center.jpg\" alt=\"\" title=\"02.11.2021, Seekirchl im Morgengrauen mit Neuschnee\"\/>\n            <\/picture>\n        <\/div>\n    \n    \n    <div class=\"text-holder\">\n        <div class=\"inner\">\n                            <h3 class=\"sub-title\">Seefeld\u2019s landmark<\/h3>\n            \n                            <h2 class=\"title\">The Seekirchl<\/h2>\n            \n                            <div class=\"text\"><p>At the western entrance to Seefeld, you will find the Seekirchl, which was inaugurated in 1666 after 38 years of construction. Decisive for the construction of this excursion destination was the miraculous cross on the high altar, which forms the spiritual center of the Seekirchl.<\/p>\n<p>Once a repentant pilgrim prayed in front of the cross and it forgave her sins with clear words. And when Archduke Leopold V walked by it, the sight touched him so much that he asked a priest to hear his confession and promised to build a chapel in honor of the cross. By the way, these two stories are depicted on the wall frescoes on the right and left.<\/p>\n<\/div>\n            \n            \n        <\/div>\n    <\/div>\n\n    <\/div>\n\n\n<div style=\"height:100px\" aria-hidden=\"true\" class=\"wp-block-spacer\"><\/div>\n\n\n    <div id=\"ep-block-accordion-block_2beba042bafc33e0d71fda6b6dcc522b\" class=\"ep-block-accordion ep-block \">\n        <div class=\"ep-accordion\">\n                            <div class=\"accordion-item\">\n                    <div class=\"accordion-title\">\n                        <span class=\"title\">\n                                                              Traditional fences are part of the cultural landscape in Seefeld\n                                                     <\/span>\n                        <span class=\"icon\"><i class=\"ti-angle-down\"><\/i><\/span>\n                    <\/div>\n                    <div class=\"accordion-content has-image \">\n                        <div class=\"inner\">\n                                                            <div class=\"image-wrapper\">\n                                                                                                            \n                                                                                                                                                <picture>\n                                        <source srcset=\"https:\/\/www.gasthof-seefeld.com\/wp-content\/uploads\/2020\/04\/slider-familie-1024x310-kopie-500x500-c-center.jpg 1x\" media=\"(min-width: 1024px)\"\/>\n                                        <source srcset=\"https:\/\/www.gasthof-seefeld.com\/wp-content\/uploads\/2020\/04\/slider-familie-1024x310-kopie-500x500-c-center.jpg 1x\" media=\"(min-width: 768px)\"\/>\n                                        <source srcset=\"https:\/\/www.gasthof-seefeld.com\/wp-content\/uploads\/2020\/04\/slider-familie-1024x310-kopie-767x767-c-center.jpg 1x\" media=\"(max-width: 767px)\"\/>\n                                        <img decoding=\"async\" src=\"https:\/\/www.gasthof-seefeld.com\/wp-content\/uploads\/2020\/04\/slider-familie-1024x310-kopie-767x767-c-center.jpg\" alt=\"slider-familie-1024x310 Kopie\" title=\"slider-familie-1024&#215;310 Kopie\"\/>\n                                    <\/picture>\n                                <\/div>\n                                                                                        <div class=\"text-wrapper\"><p>And because they are among the oldest testimonies to rural culture, they are also part of the Tyrolean identity. No matter where you go in our Olympic region, you will spot fences everywhere. And if you look closely, you will see that they are a true craftsmanship. They will certainly mark another highlight on your tour across the Seefeld high plateau. In addition, you can also learn something about historical fence forms and their construction.<\/p>\n<\/div>\n                                                    <\/div>\n                    <\/div>\n                <\/div>\n                            <div class=\"accordion-item\">\n                    <div class=\"accordion-title\">\n                        <span class=\"title\">\n                                                              Power places in Reith near Seefeld\n                                                     <\/span>\n                        <span class=\"icon\"><i class=\"ti-angle-down\"><\/i><\/span>\n                    <\/div>\n                    <div class=\"accordion-content has-no-image \">\n                        <div class=\"inner\">\n                                                                                        <div class=\"text-wrapper\"><p>Let the positive energies flow within you. Feel their calming effect. Raise your awareness. Reith with its many places of power in the form of chapels, churches and wooden shrines should definitely be on your list of destinations to see during your vacation. All places are situated amidst nature.<\/p>\n<\/div>\n                                                    <\/div>\n                    <\/div>\n                <\/div>\n                            <div class=\"accordion-item\">\n                    <div class=\"accordion-title\">\n                        <span class=\"title\">\n                                                              Feel the power of water at the source of Isar\n                                                     <\/span>\n                        <span class=\"icon\"><i class=\"ti-angle-down\"><\/i><\/span>\n                    <\/div>\n                    <div class=\"accordion-content has-no-image \">\n                        <div class=\"inner\">\n                                                                                        <div class=\"text-wrapper\"><p>The Isar has its origin in the municipality of Scharnitz, which is surrounded by the massive Karwendel mountain range. This description alone makes the destination a highlight worth visiting. The history of this river is closely interwoven with the history of the Alpine region. You can experience and enjoy this place on new display boards in a wonderful rest area at the source of Isar. Hermann Hesse described the unique flora and fauna of this place with the words, \u2018A very beautiful river. I have often listened to it, often looked into its eyes, and I\u2019ve always learned from it\u2019.<\/p>\n<\/div>\n                                                    <\/div>\n                    <\/div>\n                <\/div>\n                    <\/div>\n    <\/div>\n\n\n\n<div style=\"height:100px\" aria-hidden=\"true\" class=\"wp-block-spacer\"><\/div>\n\n\n<div id=\"ep-block-text-image-block_af69bcc7372da15947f24f826ad3f56c\" class=\"ep-block-text-image ep-block  layout-beige image-right\">\n\n                                                                        \n        <div class=\"image-holder\" style=\"\">\n            <picture class=\"image\">\n                <source srcset=\"https:\/\/www.gasthof-seefeld.com\/wp-content\/uploads\/2021\/10\/app-winter-560x580-c-center.jpg 1x\" media=\"(min-width: 1024px)\"\/>\n                <source srcset=\"https:\/\/www.gasthof-seefeld.com\/wp-content\/uploads\/2021\/10\/app-winter-768x800-c-center.jpg 1x\" media=\"(min-width: 768px)\"\/>\n                <source srcset=\"https:\/\/www.gasthof-seefeld.com\/wp-content\/uploads\/2021\/10\/app-winter-768x800-c-center.jpg 1x\" media=\"(max-width: 767px)\"\/>\n                <img decoding=\"async\" src=\"https:\/\/www.gasthof-seefeld.com\/wp-content\/uploads\/2021\/10\/app-winter-768x800-c-center.jpg\" alt=\"Winter-\" title=\"APP_-Winter-\"\/>\n            <\/picture>\n        <\/div>\n    \n    \n    <div class=\"text-holder\">\n        <div class=\"inner\">\n            \n                            <h2 class=\"title\">Did you already find your favorite destination?<\/h2>\n            \n                            <div class=\"text\"><p>There are certainly further places and highlights around Seefeld that we can recommend. But the above mentioned are our most popular destinations. Now, all that\u2019s missing is your booking. Call us or write to us. We\u2019ll do the rest together in peace and quiet when you\u2019re here.<\/p>\n<\/div>\n            \n            \n                                \n                <div class=\"link-wrapper\">\n                    <a href=\"https:\/\/www.gasthof-seefeld.com\/en\/holiday-request\/\" target=\"\" title=\"Send holiday request\" class=\"btn red\">\n                        Send holiday request\n                    <\/a>\n                <\/div>\n            \n        <\/div>\n    <\/div>\n\n    <\/div>\n\n\n<div style=\"height:100px\" aria-hidden=\"true\" class=\"wp-block-spacer\"><\/div>\n","protected":false},"excerpt":{"rendered":"","protected":false},"author":30,"featured_media":8868,"parent":0,"menu_order":0,"comment_status":"closed","ping_status":"closed","template":"","meta":{"_acf_changed":false,"footnotes":""},"categories":[],"tags":[],"class_list":["post-6094","page","type-page","status-publish","has-post-thumbnail","hentry"],"acf":[],"yoast_head":"<!-- This site is optimized with the Yoast SEO plugin v26.1.1 - https:\/\/yoast.com\/wordpress\/plugins\/seo\/ -->\n<title>Destinations in Seefeld &#187; Gasthof Batzenh\u00e4usl<\/title>\n<meta name=\"description\" content=\"\u27a4 Gasthof Batzenh\u00e4usl \u27a4 Destinations in Seefeld &#187; Unvergesslichen Urlaub in Seefeld genie\u00dfen! &#187; Jetzt Preise &amp; Verf\u00fcgbarkeiten pr\u00fcfen!\" \/>\n<meta name=\"robots\" content=\"index, follow, max-snippet:-1, max-image-preview:large, max-video-preview:-1\" \/>\n<link rel=\"canonical\" href=\"https:\/\/www.gasthof-seefeld.com\/en\/destinations-in-seefeld\/\" \/>\n<meta property=\"og:locale\" content=\"en_US\" \/>\n<meta property=\"og:type\" content=\"article\" \/>\n<meta property=\"og:title\" content=\"Destinations in Seefeld &#187; Gasthof Batzenh\u00e4usl\" \/>\n<meta property=\"og:description\" content=\"\u27a4 Gasthof Batzenh\u00e4usl \u27a4 Destinations in Seefeld &#187; Unvergesslichen Urlaub in Seefeld genie\u00dfen! &#187; Jetzt Preise &amp; Verf\u00fcgbarkeiten pr\u00fcfen!\" \/>\n<meta property=\"og:url\" content=\"https:\/\/www.gasthof-seefeld.com\/en\/destinations-in-seefeld\/\" \/>\n<meta property=\"og:site_name\" content=\"Gasthof Batzenh\u00e4usl\" \/>\n<meta property=\"article:publisher\" content=\"https:\/\/www.facebook.com\/gasthof.seefeld\/\" \/>\n<meta property=\"article:modified_time\" content=\"2026-03-21T16:39:05+00:00\" \/>\n<meta property=\"og:image\" content=\"https:\/\/www.gasthof-seefeld.com\/wp-content\/uploads\/2023\/04\/wanderer-auf-der-rosshuette-seefeld-im-sommer.jpg\" \/>\n\t<meta property=\"og:image:width\" content=\"2000\" \/>\n\t<meta property=\"og:image:height\" content=\"1331\" \/>\n\t<meta property=\"og:image:type\" content=\"image\/jpeg\" \/>\n<meta name=\"twitter:card\" content=\"summary_large_image\" \/>\n<meta name=\"twitter:label1\" content=\"Est. reading time\" \/>\n\t<meta name=\"twitter:data1\" content=\"1 minute\" \/>\n<script type=\"application\/ld+json\" class=\"yoast-schema-graph\">{\"@context\":\"https:\/\/schema.org\",\"@graph\":[{\"@type\":\"WebPage\",\"@id\":\"https:\/\/www.gasthof-seefeld.com\/en\/destinations-in-seefeld\/\",\"url\":\"https:\/\/www.gasthof-seefeld.com\/en\/destinations-in-seefeld\/\",\"name\":\"Destinations in Seefeld &#187; Gasthof Batzenh\u00e4usl\",\"isPartOf\":{\"@id\":\"https:\/\/www.gasthof-seefeld.com\/#website\"},\"primaryImageOfPage\":{\"@id\":\"https:\/\/www.gasthof-seefeld.com\/en\/destinations-in-seefeld\/#primaryimage\"},\"image\":{\"@id\":\"https:\/\/www.gasthof-seefeld.com\/en\/destinations-in-seefeld\/#primaryimage\"},\"thumbnailUrl\":\"https:\/\/www.gasthof-seefeld.com\/wp-content\/uploads\/2023\/04\/wanderer-auf-der-rosshuette-seefeld-im-sommer.jpg\",\"datePublished\":\"2021-07-12T11:49:19+00:00\",\"dateModified\":\"2026-03-21T16:39:05+00:00\",\"description\":\"\u27a4 Gasthof Batzenh\u00e4usl \u27a4 Destinations in Seefeld &#187; Unvergesslichen Urlaub in Seefeld genie\u00dfen! &#187; Jetzt Preise & Verf\u00fcgbarkeiten pr\u00fcfen!\",\"breadcrumb\":{\"@id\":\"https:\/\/www.gasthof-seefeld.com\/en\/destinations-in-seefeld\/#breadcrumb\"},\"inLanguage\":\"en-US\",\"potentialAction\":[{\"@type\":\"ReadAction\",\"target\":[\"https:\/\/www.gasthof-seefeld.com\/en\/destinations-in-seefeld\/\"]}]},{\"@type\":\"ImageObject\",\"inLanguage\":\"en-US\",\"@id\":\"https:\/\/www.gasthof-seefeld.com\/en\/destinations-in-seefeld\/#primaryimage\",\"url\":\"https:\/\/www.gasthof-seefeld.com\/wp-content\/uploads\/2023\/04\/wanderer-auf-der-rosshuette-seefeld-im-sommer.jpg\",\"contentUrl\":\"https:\/\/www.gasthof-seefeld.com\/wp-content\/uploads\/2023\/04\/wanderer-auf-der-rosshuette-seefeld-im-sommer.jpg\",\"width\":2000,\"height\":1331,\"caption\":\"Wanderer auf der Rosshuette Seefeld im Sommer\"},{\"@type\":\"BreadcrumbList\",\"@id\":\"https:\/\/www.gasthof-seefeld.com\/en\/destinations-in-seefeld\/#breadcrumb\",\"itemListElement\":[{\"@type\":\"ListItem\",\"position\":1,\"name\":\"Home\",\"item\":\"https:\/\/www.gasthof-seefeld.com\/en\/\"},{\"@type\":\"ListItem\",\"position\":2,\"name\":\"Destinations in Seefeld\"}]},{\"@type\":\"WebSite\",\"@id\":\"https:\/\/www.gasthof-seefeld.com\/#website\",\"url\":\"https:\/\/www.gasthof-seefeld.com\/\",\"name\":\"Gasthof Batzenh\u00e4usl\",\"description\":\"Tyrolean tradition\",\"publisher\":{\"@id\":\"https:\/\/www.gasthof-seefeld.com\/#organization\"},\"potentialAction\":[{\"@type\":\"SearchAction\",\"target\":{\"@type\":\"EntryPoint\",\"urlTemplate\":\"https:\/\/www.gasthof-seefeld.com\/?s={search_term_string}\"},\"query-input\":{\"@type\":\"PropertyValueSpecification\",\"valueRequired\":true,\"valueName\":\"search_term_string\"}}],\"inLanguage\":\"en-US\"},{\"@type\":\"Organization\",\"@id\":\"https:\/\/www.gasthof-seefeld.com\/#organization\",\"name\":\"Gasthof Seefeld Batzenh\u00e4usl\",\"url\":\"https:\/\/www.gasthof-seefeld.com\/\",\"logo\":{\"@type\":\"ImageObject\",\"inLanguage\":\"en-US\",\"@id\":\"https:\/\/www.gasthof-seefeld.com\/#\/schema\/logo\/image\/\",\"url\":\"https:\/\/www.gasthof-seefeld.com\/wp-content\/uploads\/2019\/07\/gasthof-seefeld-logo.jpg\",\"contentUrl\":\"https:\/\/www.gasthof-seefeld.com\/wp-content\/uploads\/2019\/07\/gasthof-seefeld-logo.jpg\",\"width\":1200,\"height\":627,\"caption\":\"Gasthof Seefeld Batzenh\u00e4usl\"},\"image\":{\"@id\":\"https:\/\/www.gasthof-seefeld.com\/#\/schema\/logo\/image\/\"},\"sameAs\":[\"https:\/\/www.facebook.com\/gasthof.seefeld\/\",\"https:\/\/www.instagram.com\/kaltschmid.hotels.seefeld\/\",\"https:\/\/www.youtube.com\/user\/KaltschmidSeefeld\"]}]}<\/script>\n<!-- \/ Yoast SEO plugin. -->","yoast_head_json":{"title":"Destinations in Seefeld &#187; Gasthof Batzenh\u00e4usl","description":"\u27a4 Gasthof Batzenh\u00e4usl \u27a4 Destinations in Seefeld &#187; Unvergesslichen Urlaub in Seefeld genie\u00dfen! &#187; Jetzt Preise & Verf\u00fcgbarkeiten pr\u00fcfen!","robots":{"index":"index","follow":"follow","max-snippet":"max-snippet:-1","max-image-preview":"max-image-preview:large","max-video-preview":"max-video-preview:-1"},"canonical":"https:\/\/www.gasthof-seefeld.com\/en\/destinations-in-seefeld\/","og_locale":"en_US","og_type":"article","og_title":"Destinations in Seefeld &#187; Gasthof Batzenh\u00e4usl","og_description":"\u27a4 Gasthof Batzenh\u00e4usl \u27a4 Destinations in Seefeld &#187; Unvergesslichen Urlaub in Seefeld genie\u00dfen! &#187; Jetzt Preise & Verf\u00fcgbarkeiten pr\u00fcfen!","og_url":"https:\/\/www.gasthof-seefeld.com\/en\/destinations-in-seefeld\/","og_site_name":"Gasthof Batzenh\u00e4usl","article_publisher":"https:\/\/www.facebook.com\/gasthof.seefeld\/","article_modified_time":"2026-03-21T16:39:05+00:00","og_image":[{"width":2000,"height":1331,"url":"https:\/\/www.gasthof-seefeld.com\/wp-content\/uploads\/2023\/04\/wanderer-auf-der-rosshuette-seefeld-im-sommer.jpg","type":"image\/jpeg"}],"twitter_card":"summary_large_image","twitter_misc":{"Est. reading time":"1 minute"},"schema":{"@context":"https:\/\/schema.org","@graph":[{"@type":"WebPage","@id":"https:\/\/www.gasthof-seefeld.com\/en\/destinations-in-seefeld\/","url":"https:\/\/www.gasthof-seefeld.com\/en\/destinations-in-seefeld\/","name":"Destinations in Seefeld &#187; Gasthof Batzenh\u00e4usl","isPartOf":{"@id":"https:\/\/www.gasthof-seefeld.com\/#website"},"primaryImageOfPage":{"@id":"https:\/\/www.gasthof-seefeld.com\/en\/destinations-in-seefeld\/#primaryimage"},"image":{"@id":"https:\/\/www.gasthof-seefeld.com\/en\/destinations-in-seefeld\/#primaryimage"},"thumbnailUrl":"https:\/\/www.gasthof-seefeld.com\/wp-content\/uploads\/2023\/04\/wanderer-auf-der-rosshuette-seefeld-im-sommer.jpg","datePublished":"2021-07-12T11:49:19+00:00","dateModified":"2026-03-21T16:39:05+00:00","description":"\u27a4 Gasthof Batzenh\u00e4usl \u27a4 Destinations in Seefeld &#187; Unvergesslichen Urlaub in Seefeld genie\u00dfen! &#187; Jetzt Preise & Verf\u00fcgbarkeiten pr\u00fcfen!","breadcrumb":{"@id":"https:\/\/www.gasthof-seefeld.com\/en\/destinations-in-seefeld\/#breadcrumb"},"inLanguage":"en-US","potentialAction":[{"@type":"ReadAction","target":["https:\/\/www.gasthof-seefeld.com\/en\/destinations-in-seefeld\/"]}]},{"@type":"ImageObject","inLanguage":"en-US","@id":"https:\/\/www.gasthof-seefeld.com\/en\/destinations-in-seefeld\/#primaryimage","url":"https:\/\/www.gasthof-seefeld.com\/wp-content\/uploads\/2023\/04\/wanderer-auf-der-rosshuette-seefeld-im-sommer.jpg","contentUrl":"https:\/\/www.gasthof-seefeld.com\/wp-content\/uploads\/2023\/04\/wanderer-auf-der-rosshuette-seefeld-im-sommer.jpg","width":2000,"height":1331,"caption":"Wanderer auf der Rosshuette Seefeld im Sommer"},{"@type":"BreadcrumbList","@id":"https:\/\/www.gasthof-seefeld.com\/en\/destinations-in-seefeld\/#breadcrumb","itemListElement":[{"@type":"ListItem","position":1,"name":"Home","item":"https:\/\/www.gasthof-seefeld.com\/en\/"},{"@type":"ListItem","position":2,"name":"Destinations in Seefeld"}]},{"@type":"WebSite","@id":"https:\/\/www.gasthof-seefeld.com\/#website","url":"https:\/\/www.gasthof-seefeld.com\/","name":"Gasthof Batzenh\u00e4usl","description":"Tyrolean tradition","publisher":{"@id":"https:\/\/www.gasthof-seefeld.com\/#organization"},"potentialAction":[{"@type":"SearchAction","target":{"@type":"EntryPoint","urlTemplate":"https:\/\/www.gasthof-seefeld.com\/?s={search_term_string}"},"query-input":{"@type":"PropertyValueSpecification","valueRequired":true,"valueName":"search_term_string"}}],"inLanguage":"en-US"},{"@type":"Organization","@id":"https:\/\/www.gasthof-seefeld.com\/#organization","name":"Gasthof Seefeld Batzenh\u00e4usl","url":"https:\/\/www.gasthof-seefeld.com\/","logo":{"@type":"ImageObject","inLanguage":"en-US","@id":"https:\/\/www.gasthof-seefeld.com\/#\/schema\/logo\/image\/","url":"https:\/\/www.gasthof-seefeld.com\/wp-content\/uploads\/2019\/07\/gasthof-seefeld-logo.jpg","contentUrl":"https:\/\/www.gasthof-seefeld.com\/wp-content\/uploads\/2019\/07\/gasthof-seefeld-logo.jpg","width":1200,"height":627,"caption":"Gasthof Seefeld Batzenh\u00e4usl"},"image":{"@id":"https:\/\/www.gasthof-seefeld.com\/#\/schema\/logo\/image\/"},"sameAs":["https:\/\/www.facebook.com\/gasthof.seefeld\/","https:\/\/www.instagram.com\/kaltschmid.hotels.seefeld\/","https:\/\/www.youtube.com\/user\/KaltschmidSeefeld"]}]}},"_links":{"self":[{"href":"https:\/\/www.gasthof-seefeld.com\/en\/wp-json\/wp\/v2\/pages\/6094","targetHints":{"allow":["GET"]}}],"collection":[{"href":"https:\/\/www.gasthof-seefeld.com\/en\/wp-json\/wp\/v2\/pages"}],"about":[{"href":"https:\/\/www.gasthof-seefeld.com\/en\/wp-json\/wp\/v2\/types\/page"}],"author":[{"embeddable":true,"href":"https:\/\/www.gasthof-seefeld.com\/en\/wp-json\/wp\/v2\/users\/30"}],"replies":[{"embeddable":true,"href":"https:\/\/www.gasthof-seefeld.com\/en\/wp-json\/wp\/v2\/comments?post=6094"}],"version-history":[{"count":22,"href":"https:\/\/www.gasthof-seefeld.com\/en\/wp-json\/wp\/v2\/pages\/6094\/revisions"}],"predecessor-version":[{"id":10420,"href":"https:\/\/www.gasthof-seefeld.com\/en\/wp-json\/wp\/v2\/pages\/6094\/revisions\/10420"}],"wp:featuredmedia":[{"embeddable":true,"href":"https:\/\/www.gasthof-seefeld.com\/en\/wp-json\/wp\/v2\/media\/8868"}],"wp:attachment":[{"href":"https:\/\/www.gasthof-seefeld.com\/en\/wp-json\/wp\/v2\/media?parent=6094"}],"wp:term":[{"taxonomy":"category","embeddable":true,"href":"https:\/\/www.gasthof-seefeld.com\/en\/wp-json\/wp\/v2\/categories?post=6094"},{"taxonomy":"post_tag","embeddable":true,"href":"https:\/\/www.gasthof-seefeld.com\/en\/wp-json\/wp\/v2\/tags?post=6094"}],"curies":[{"name":"wp","href":"https:\/\/api.w.org\/{rel}","templated":true}]}}