{"id":1387,"date":"2015-12-04T10:04:08","date_gmt":"2015-12-04T09:04:08","guid":{"rendered":"https:\/\/www.gasthof-seefeld.com\/it\/zimmer-preise\/aktionen\/"},"modified":"2024-03-22T14:32:14","modified_gmt":"2024-03-22T13:32:14","slug":"offerte","status":"publish","type":"page","link":"https:\/\/www.gasthof-seefeld.com\/it\/camere-e-prezzi\/offerte\/","title":{"rendered":"Offerte"},"content":{"rendered":"    <div id=\"ep-block-pre-text-block_1f0401d51b815504d4ecc898d2d4a6f3\" class=\"ep-block-pre-text ep-block \">\n        <div class=\"pre-text\">\n            <p>Prolungate il vostro soggiorno a Seefeld.\u00a0 Prenotate una vacanza di 2 settimane pagando solo per 12 notti. Queste le offerte del Batzenh\u00e4usl. Anche i nostri clienti fissi vengono premiati con i nostri sconti: non perdete d&#8217;occhio le nostre offerte!<\/p>\n\n        <\/div>\n    <\/div>\n\n\n\n<div style=\"height:70px\" aria-hidden=\"true\" class=\"wp-block-spacer\"><\/div>\n\n\n\n<h2 class=\"wp-block-heading has-text-align-center\"><\/h2>\n\n\n\n<div style=\"height:100px\" aria-hidden=\"true\" class=\"wp-block-spacer\"><\/div>\n\n\n<div id=\"ep-block-text-image-block_a22378406a78889e428695d0ae39fbb0\" class=\"ep-block-text-image ep-block  layout-beige image-left\">\n\n                                                                        \n        <div class=\"image-holder\" style=\"\">\n            <picture class=\"image\">\n                <source srcset=\"https:\/\/www.gasthof-seefeld.com\/wp-content\/uploads\/2020\/03\/aktioenen-hotel-seefeld-560x580-c-center.jpg 1x\" media=\"(min-width: 1024px)\"\/>\n                <source srcset=\"https:\/\/www.gasthof-seefeld.com\/wp-content\/uploads\/2020\/03\/aktioenen-hotel-seefeld-768x800-c-center.jpg 1x\" media=\"(min-width: 768px)\"\/>\n                <source srcset=\"https:\/\/www.gasthof-seefeld.com\/wp-content\/uploads\/2020\/03\/aktioenen-hotel-seefeld-768x800-c-center.jpg 1x\" media=\"(max-width: 767px)\"\/>\n                <img decoding=\"async\" src=\"https:\/\/www.gasthof-seefeld.com\/wp-content\/uploads\/2020\/03\/aktioenen-hotel-seefeld-768x800-c-center.jpg\" alt=\"Aktioenen - Hotel Seefeld\" title=\"Aktioenen &#8211; Hotel Seefeld\"\/>\n            <\/picture>\n        <\/div>\n    \n    \n    <div class=\"text-holder\">\n        <div class=\"inner\">\n                            <h3 class=\"sub-title\">A chi torna a trovarci offriamo sempre di pi\u00f9<\/h3>\n            \n                            <h2 class=\"title\">Sconto per i nostri clienti abituali<\/h2>\n            \n                            <div class=\"text\"><p>Se siete stati bene con noi e scegliete\u00a0di tornare\u00a0a trovarci al Batzenh\u00e4usl, abbiamo in serbo per voi un regalo speciale. Chiedete lo sconto clienti abituali al momento della prenotazione e applicheremo volentieri il <strong>3-5% di sconto<\/strong> sull&#8217;importo. Vale dunque la pena di tornare!<\/p>\n<\/div>\n            \n            \n                                \n                <div class=\"link-wrapper\">\n                    <a href=\"https:\/\/www.alpenpark-seefeld.com\/it\/holiday-request\/\" target=\"\" title=\"Richiesta vacanza direttamente\" class=\"btn red\">\n                        Richiesta vacanza direttamente\n                    <\/a>\n                <\/div>\n            \n        <\/div>\n    <\/div>\n\n    <\/div>\n\n\n<div style=\"height:200px\" aria-hidden=\"true\" class=\"wp-block-spacer\"><\/div>\n","protected":false},"excerpt":{"rendered":"","protected":false},"author":1,"featured_media":7769,"parent":1379,"menu_order":0,"comment_status":"closed","ping_status":"closed","template":"","meta":{"_acf_changed":false,"footnotes":""},"categories":[],"tags":[],"class_list":["post-1387","page","type-page","status-publish","has-post-thumbnail","hentry"],"acf":[],"yoast_head":"<!-- This site is optimized with the Yoast SEO plugin v26.1.1 - https:\/\/yoast.com\/wordpress\/plugins\/seo\/ -->\n<title>Offerte &#187; Gasthof Batzenh\u00e4usl<\/title>\n<meta name=\"description\" content=\"\u27a4 Gasthof Batzenh\u00e4usl \u27a4 Offerte &#187; Unvergesslichen Urlaub in Seefeld genie\u00dfen! &#187; Jetzt Preise &amp; Verf\u00fcgbarkeiten pr\u00fcfen!\" \/>\n<meta name=\"robots\" content=\"index, follow, max-snippet:-1, max-image-preview:large, max-video-preview:-1\" \/>\n<link rel=\"canonical\" href=\"https:\/\/www.gasthof-seefeld.com\/it\/camere-e-prezzi\/offerte\/\" \/>\n<meta property=\"og:locale\" content=\"it_IT\" \/>\n<meta property=\"og:type\" content=\"article\" \/>\n<meta property=\"og:title\" content=\"Offerte &#187; Gasthof Batzenh\u00e4usl\" \/>\n<meta property=\"og:description\" content=\"\u27a4 Gasthof Batzenh\u00e4usl \u27a4 Offerte &#187; Unvergesslichen Urlaub in Seefeld genie\u00dfen! &#187; Jetzt Preise &amp; Verf\u00fcgbarkeiten pr\u00fcfen!\" \/>\n<meta property=\"og:url\" content=\"https:\/\/www.gasthof-seefeld.com\/it\/camere-e-prezzi\/offerte\/\" \/>\n<meta property=\"og:site_name\" content=\"Gasthof Batzenh\u00e4usl\" \/>\n<meta property=\"article:publisher\" content=\"https:\/\/www.facebook.com\/gasthof.seefeld\/\" \/>\n<meta property=\"article:modified_time\" content=\"2024-03-22T13:32:14+00:00\" \/>\n<meta property=\"og:image\" content=\"https:\/\/www.gasthof-seefeld.com\/wp-content\/uploads\/2022\/07\/gasthof-seefeld-batzenhaeusl-gemuetliches-restaurant-7621-web.jpg\" \/>\n\t<meta property=\"og:image:width\" content=\"2048\" \/>\n\t<meta property=\"og:image:height\" content=\"1366\" \/>\n\t<meta property=\"og:image:type\" content=\"image\/jpeg\" \/>\n<meta name=\"twitter:card\" content=\"summary_large_image\" \/>\n<meta name=\"twitter:label1\" content=\"Est. reading time\" \/>\n\t<meta name=\"twitter:data1\" content=\"1 minute\" \/>\n<script type=\"application\/ld+json\" class=\"yoast-schema-graph\">{\"@context\":\"https:\/\/schema.org\",\"@graph\":[{\"@type\":\"WebPage\",\"@id\":\"https:\/\/www.gasthof-seefeld.com\/it\/camere-e-prezzi\/offerte\/\",\"url\":\"https:\/\/www.gasthof-seefeld.com\/it\/camere-e-prezzi\/offerte\/\",\"name\":\"Offerte &#187; Gasthof Batzenh\u00e4usl\",\"isPartOf\":{\"@id\":\"https:\/\/www.gasthof-seefeld.com\/#website\"},\"primaryImageOfPage\":{\"@id\":\"https:\/\/www.gasthof-seefeld.com\/it\/camere-e-prezzi\/offerte\/#primaryimage\"},\"image\":{\"@id\":\"https:\/\/www.gasthof-seefeld.com\/it\/camere-e-prezzi\/offerte\/#primaryimage\"},\"thumbnailUrl\":\"https:\/\/www.gasthof-seefeld.com\/wp-content\/uploads\/2022\/07\/gasthof-seefeld-batzenhaeusl-gemuetliches-restaurant-7621-web.jpg\",\"datePublished\":\"2015-12-04T09:04:08+00:00\",\"dateModified\":\"2024-03-22T13:32:14+00:00\",\"description\":\"\u27a4 Gasthof Batzenh\u00e4usl \u27a4 Offerte &#187; Unvergesslichen Urlaub in Seefeld genie\u00dfen! &#187; Jetzt Preise & Verf\u00fcgbarkeiten pr\u00fcfen!\",\"breadcrumb\":{\"@id\":\"https:\/\/www.gasthof-seefeld.com\/it\/camere-e-prezzi\/offerte\/#breadcrumb\"},\"inLanguage\":\"it-IT\",\"potentialAction\":[{\"@type\":\"ReadAction\",\"target\":[\"https:\/\/www.gasthof-seefeld.com\/it\/camere-e-prezzi\/offerte\/\"]}]},{\"@type\":\"ImageObject\",\"inLanguage\":\"it-IT\",\"@id\":\"https:\/\/www.gasthof-seefeld.com\/it\/camere-e-prezzi\/offerte\/#primaryimage\",\"url\":\"https:\/\/www.gasthof-seefeld.com\/wp-content\/uploads\/2022\/07\/gasthof-seefeld-batzenhaeusl-gemuetliches-restaurant-7621-web.jpg\",\"contentUrl\":\"https:\/\/www.gasthof-seefeld.com\/wp-content\/uploads\/2022\/07\/gasthof-seefeld-batzenhaeusl-gemuetliches-restaurant-7621-web.jpg\",\"width\":2048,\"height\":1366},{\"@type\":\"BreadcrumbList\",\"@id\":\"https:\/\/www.gasthof-seefeld.com\/it\/camere-e-prezzi\/offerte\/#breadcrumb\",\"itemListElement\":[{\"@type\":\"ListItem\",\"position\":1,\"name\":\"Home\",\"item\":\"https:\/\/www.gasthof-seefeld.com\/it\/\"},{\"@type\":\"ListItem\",\"position\":2,\"name\":\"Camere e prezzi\",\"item\":\"https:\/\/www.gasthof-seefeld.com\/it\/camere-e-prezzi\/\"},{\"@type\":\"ListItem\",\"position\":3,\"name\":\"Offerte\"}]},{\"@type\":\"WebSite\",\"@id\":\"https:\/\/www.gasthof-seefeld.com\/#website\",\"url\":\"https:\/\/www.gasthof-seefeld.com\/\",\"name\":\"Gasthof Batzenh\u00e4usl\",\"description\":\"Tyrolean tradition\",\"publisher\":{\"@id\":\"https:\/\/www.gasthof-seefeld.com\/#organization\"},\"potentialAction\":[{\"@type\":\"SearchAction\",\"target\":{\"@type\":\"EntryPoint\",\"urlTemplate\":\"https:\/\/www.gasthof-seefeld.com\/?s={search_term_string}\"},\"query-input\":{\"@type\":\"PropertyValueSpecification\",\"valueRequired\":true,\"valueName\":\"search_term_string\"}}],\"inLanguage\":\"it-IT\"},{\"@type\":\"Organization\",\"@id\":\"https:\/\/www.gasthof-seefeld.com\/#organization\",\"name\":\"Gasthof Seefeld Batzenh\u00e4usl\",\"url\":\"https:\/\/www.gasthof-seefeld.com\/\",\"logo\":{\"@type\":\"ImageObject\",\"inLanguage\":\"it-IT\",\"@id\":\"https:\/\/www.gasthof-seefeld.com\/#\/schema\/logo\/image\/\",\"url\":\"https:\/\/www.gasthof-seefeld.com\/wp-content\/uploads\/2019\/07\/gasthof-seefeld-logo.jpg\",\"contentUrl\":\"https:\/\/www.gasthof-seefeld.com\/wp-content\/uploads\/2019\/07\/gasthof-seefeld-logo.jpg\",\"width\":1200,\"height\":627,\"caption\":\"Gasthof Seefeld Batzenh\u00e4usl\"},\"image\":{\"@id\":\"https:\/\/www.gasthof-seefeld.com\/#\/schema\/logo\/image\/\"},\"sameAs\":[\"https:\/\/www.facebook.com\/gasthof.seefeld\/\",\"https:\/\/www.instagram.com\/kaltschmid.hotels.seefeld\/\",\"https:\/\/www.youtube.com\/user\/KaltschmidSeefeld\"]}]}<\/script>\n<!-- \/ Yoast SEO plugin. -->","yoast_head_json":{"title":"Offerte &#187; Gasthof Batzenh\u00e4usl","description":"\u27a4 Gasthof Batzenh\u00e4usl \u27a4 Offerte &#187; Unvergesslichen Urlaub in Seefeld genie\u00dfen! &#187; Jetzt Preise & Verf\u00fcgbarkeiten pr\u00fcfen!","robots":{"index":"index","follow":"follow","max-snippet":"max-snippet:-1","max-image-preview":"max-image-preview:large","max-video-preview":"max-video-preview:-1"},"canonical":"https:\/\/www.gasthof-seefeld.com\/it\/camere-e-prezzi\/offerte\/","og_locale":"it_IT","og_type":"article","og_title":"Offerte &#187; Gasthof Batzenh\u00e4usl","og_description":"\u27a4 Gasthof Batzenh\u00e4usl \u27a4 Offerte &#187; Unvergesslichen Urlaub in Seefeld genie\u00dfen! &#187; Jetzt Preise & Verf\u00fcgbarkeiten pr\u00fcfen!","og_url":"https:\/\/www.gasthof-seefeld.com\/it\/camere-e-prezzi\/offerte\/","og_site_name":"Gasthof Batzenh\u00e4usl","article_publisher":"https:\/\/www.facebook.com\/gasthof.seefeld\/","article_modified_time":"2024-03-22T13:32:14+00:00","og_image":[{"width":2048,"height":1366,"url":"https:\/\/www.gasthof-seefeld.com\/wp-content\/uploads\/2022\/07\/gasthof-seefeld-batzenhaeusl-gemuetliches-restaurant-7621-web.jpg","type":"image\/jpeg"}],"twitter_card":"summary_large_image","twitter_misc":{"Est. reading time":"1 minute"},"schema":{"@context":"https:\/\/schema.org","@graph":[{"@type":"WebPage","@id":"https:\/\/www.gasthof-seefeld.com\/it\/camere-e-prezzi\/offerte\/","url":"https:\/\/www.gasthof-seefeld.com\/it\/camere-e-prezzi\/offerte\/","name":"Offerte &#187; Gasthof Batzenh\u00e4usl","isPartOf":{"@id":"https:\/\/www.gasthof-seefeld.com\/#website"},"primaryImageOfPage":{"@id":"https:\/\/www.gasthof-seefeld.com\/it\/camere-e-prezzi\/offerte\/#primaryimage"},"image":{"@id":"https:\/\/www.gasthof-seefeld.com\/it\/camere-e-prezzi\/offerte\/#primaryimage"},"thumbnailUrl":"https:\/\/www.gasthof-seefeld.com\/wp-content\/uploads\/2022\/07\/gasthof-seefeld-batzenhaeusl-gemuetliches-restaurant-7621-web.jpg","datePublished":"2015-12-04T09:04:08+00:00","dateModified":"2024-03-22T13:32:14+00:00","description":"\u27a4 Gasthof Batzenh\u00e4usl \u27a4 Offerte &#187; Unvergesslichen Urlaub in Seefeld genie\u00dfen! &#187; Jetzt Preise & Verf\u00fcgbarkeiten pr\u00fcfen!","breadcrumb":{"@id":"https:\/\/www.gasthof-seefeld.com\/it\/camere-e-prezzi\/offerte\/#breadcrumb"},"inLanguage":"it-IT","potentialAction":[{"@type":"ReadAction","target":["https:\/\/www.gasthof-seefeld.com\/it\/camere-e-prezzi\/offerte\/"]}]},{"@type":"ImageObject","inLanguage":"it-IT","@id":"https:\/\/www.gasthof-seefeld.com\/it\/camere-e-prezzi\/offerte\/#primaryimage","url":"https:\/\/www.gasthof-seefeld.com\/wp-content\/uploads\/2022\/07\/gasthof-seefeld-batzenhaeusl-gemuetliches-restaurant-7621-web.jpg","contentUrl":"https:\/\/www.gasthof-seefeld.com\/wp-content\/uploads\/2022\/07\/gasthof-seefeld-batzenhaeusl-gemuetliches-restaurant-7621-web.jpg","width":2048,"height":1366},{"@type":"BreadcrumbList","@id":"https:\/\/www.gasthof-seefeld.com\/it\/camere-e-prezzi\/offerte\/#breadcrumb","itemListElement":[{"@type":"ListItem","position":1,"name":"Home","item":"https:\/\/www.gasthof-seefeld.com\/it\/"},{"@type":"ListItem","position":2,"name":"Camere e prezzi","item":"https:\/\/www.gasthof-seefeld.com\/it\/camere-e-prezzi\/"},{"@type":"ListItem","position":3,"name":"Offerte"}]},{"@type":"WebSite","@id":"https:\/\/www.gasthof-seefeld.com\/#website","url":"https:\/\/www.gasthof-seefeld.com\/","name":"Gasthof Batzenh\u00e4usl","description":"Tyrolean tradition","publisher":{"@id":"https:\/\/www.gasthof-seefeld.com\/#organization"},"potentialAction":[{"@type":"SearchAction","target":{"@type":"EntryPoint","urlTemplate":"https:\/\/www.gasthof-seefeld.com\/?s={search_term_string}"},"query-input":{"@type":"PropertyValueSpecification","valueRequired":true,"valueName":"search_term_string"}}],"inLanguage":"it-IT"},{"@type":"Organization","@id":"https:\/\/www.gasthof-seefeld.com\/#organization","name":"Gasthof Seefeld Batzenh\u00e4usl","url":"https:\/\/www.gasthof-seefeld.com\/","logo":{"@type":"ImageObject","inLanguage":"it-IT","@id":"https:\/\/www.gasthof-seefeld.com\/#\/schema\/logo\/image\/","url":"https:\/\/www.gasthof-seefeld.com\/wp-content\/uploads\/2019\/07\/gasthof-seefeld-logo.jpg","contentUrl":"https:\/\/www.gasthof-seefeld.com\/wp-content\/uploads\/2019\/07\/gasthof-seefeld-logo.jpg","width":1200,"height":627,"caption":"Gasthof Seefeld Batzenh\u00e4usl"},"image":{"@id":"https:\/\/www.gasthof-seefeld.com\/#\/schema\/logo\/image\/"},"sameAs":["https:\/\/www.facebook.com\/gasthof.seefeld\/","https:\/\/www.instagram.com\/kaltschmid.hotels.seefeld\/","https:\/\/www.youtube.com\/user\/KaltschmidSeefeld"]}]}},"_links":{"self":[{"href":"https:\/\/www.gasthof-seefeld.com\/it\/wp-json\/wp\/v2\/pages\/1387","targetHints":{"allow":["GET"]}}],"collection":[{"href":"https:\/\/www.gasthof-seefeld.com\/it\/wp-json\/wp\/v2\/pages"}],"about":[{"href":"https:\/\/www.gasthof-seefeld.com\/it\/wp-json\/wp\/v2\/types\/page"}],"author":[{"embeddable":true,"href":"https:\/\/www.gasthof-seefeld.com\/it\/wp-json\/wp\/v2\/users\/1"}],"replies":[{"embeddable":true,"href":"https:\/\/www.gasthof-seefeld.com\/it\/wp-json\/wp\/v2\/comments?post=1387"}],"version-history":[{"count":33,"href":"https:\/\/www.gasthof-seefeld.com\/it\/wp-json\/wp\/v2\/pages\/1387\/revisions"}],"predecessor-version":[{"id":9517,"href":"https:\/\/www.gasthof-seefeld.com\/it\/wp-json\/wp\/v2\/pages\/1387\/revisions\/9517"}],"up":[{"embeddable":true,"href":"https:\/\/www.gasthof-seefeld.com\/it\/wp-json\/wp\/v2\/pages\/1379"}],"wp:featuredmedia":[{"embeddable":true,"href":"https:\/\/www.gasthof-seefeld.com\/it\/wp-json\/wp\/v2\/media\/7769"}],"wp:attachment":[{"href":"https:\/\/www.gasthof-seefeld.com\/it\/wp-json\/wp\/v2\/media?parent=1387"}],"wp:term":[{"taxonomy":"category","embeddable":true,"href":"https:\/\/www.gasthof-seefeld.com\/it\/wp-json\/wp\/v2\/categories?post=1387"},{"taxonomy":"post_tag","embeddable":true,"href":"https:\/\/www.gasthof-seefeld.com\/it\/wp-json\/wp\/v2\/tags?post=1387"}],"curies":[{"name":"wp","href":"https:\/\/api.w.org\/{rel}","templated":true}]}}